{"id":4104,"date":"2026-01-20T11:48:57","date_gmt":"2026-01-20T10:48:57","guid":{"rendered":"https:\/\/sabdesigner.com\/livre\/?page_id=4104"},"modified":"2026-02-25T20:31:45","modified_gmt":"2026-02-25T19:31:45","slug":"home","status":"publish","type":"page","link":"http:\/\/sabdesigner.com\/livre\/","title":{"rendered":"Sabrina Ambre Biller\uff5cartiste &amp; autrice \u2794 Infos, actus et bio"},"content":{"rendered":"<div class=\"bm-builder clearfix \"><div id=\"\" class=\"module col-0 module-id-1768609321603 bm-wrap row-top row-left\" data-module-col=\"0\" data-change-color=\"off\" data-backcolor=\"transparent\" data-frontcolor=\"\" data-logocolor=\"\" data-goto-top=\"off\" data-goto-top-spacing=\"0\" data-goto-disable-m=\"off\" data-groupsameheight=\"off\"><div class=\"module-inside group-inside\" style=\"--cornerRadius:0px 0px 0px 0px ; --top-mod: 0px;--bottom-mod: 0px;--top-mod-t: 0px;--bottom-mod-t: 0px;--top-mod-m:0px;--bottom-mod-m:0px;\" ><button class=\"sea-scrolldown-btn\" style=\"color:\"><\/button><div class=\"bm-background-img\" style=\"background-image:url(http:\/\/sabdesigner.com\/livre\/wp-content\/uploads\/2025\/12\/1.jpg);background-attachment:scroll;--maskOpacity:0.00000001;--maskColor:#000000;\"><\/div><\/div><\/div><div id=\"\" class=\"module col-12 module-id-1768609321773 bm-wrap row-top row-left col-offset-2\" data-module-col=\"12\" data-change-color=\"off\" data-backcolor=\"transparent\" data-frontcolor=\"\" data-logocolor=\"\" data-goto-top=\"off\" data-goto-top-spacing=\"0\" data-goto-disable-m=\"\" data-groupsameheight=\"\"><div class=\"module-inside group-inside\" style=\"--top-mod: 60px;--bottom-mod: 0px;--top-mod-t: 60px;--bottom-mod-t: 0px;--top-mod-m:20px;--bottom-mod-m:0px;\" ><\/div><\/div><div id=\"\" class=\"module col-12 module-id-1768912125267YkFRY bm-wrap row-top row-left col-offset-2\" data-module-col=\"12\" data-change-color=\"off\" data-backcolor=\"transparent\" data-frontcolor=\"\" data-logocolor=\"\" data-goto-top=\"off\" data-goto-top-spacing=\"0\" data-goto-disable-m=\"\" data-groupsameheight=\"\"><div class=\"module-inside group-inside\" style=\"--top-mod: 100px;--bottom-mod: 0px;--top-mod-t: 100px;--bottom-mod-t: 0px;--top-mod-m:40px;--bottom-mod-m:0px;\" ><div id=\"\" class=\"module col-12 module-id-1768912125852eaDz5 col-offset-0\" data-module-col=\"12\"><div class=\"module-inside text-inside\" style=\"--top-mod: 0px;--bottom-mod: 40px;--top-mod-t: 0px;--bottom-mod-t: 40px;--top-mod-m:40px;--bottom-mod-m:20px;\" ><div class=\"text_block_out\"  data-effect=\"mask\" style=\"\"><div class=\"text_block withbg background_image\"><div class=\"  bm-text-bgimg-mask\" style=\"\"><div class=\"text_block_inn\"><div id=\"text-1768912125852eaDz5\" class=\"text_block_centered text_block_centered_enable_width\"  style=\"--text-mask-background-image:url(http:\/\/sabdesigner.com\/livre\/wp-content\/uploads\/2025\/12\/1.jpg)\"><h3><span style=\"color: #000000\">Sabrina Ambre <strong>Biller<\/strong><\/span><\/h3>\n<p><span style=\"color: #d84800\">Autrice, illustratrice et photographie<\/span><\/p><\/div><\/div><\/div><\/div><\/div><\/div><\/div><\/div><\/div><div id=\"\" class=\"module col-10 module-id-1768609321931 bm-wrap row-middle row-left bm-wrap-height-auto col-offset-2\" data-module-col=\"10\" data-change-color=\"off\" data-backcolor=\"transparent\" data-frontcolor=\"\" data-logocolor=\"\" data-goto-top=\"off\" data-goto-top-spacing=\"0\" data-goto-disable-m=\"\" data-groupsameheight=\"\"><div class=\"module-inside group-inside\" style=\"--top-mod: 0px;--bottom-mod: 120px;--top-mod-t: 0px;--bottom-mod-t: 120px;--top-mod-m:0px;--bottom-mod-m:20px;\" ><div id=\"\" class=\"module col-9 module-id-1768609321988 col-offset-0\" data-module-col=\"9\"><div class=\"module-inside text-inside\" style=\"--top-mod: 0px;--bottom-mod: 0px;--top-mod-t: 0px;--bottom-mod-t: 0px;--top-mod-m:0px;--bottom-mod-m:40px;\" ><div class=\"text_block_out\"  data-effect=\"standard\" style=\"\"><div class=\"text_block ux-mod-nobg\"><div class=\"text_block_inn\"><div id=\"text-1768609321988\" class=\"text_block_centered text_block_centered_enable_width\"  style=\"\"><p><span style=\"font-size: 26px;\" data-msize=\"22px;\" text-align:=\"\" justify;\"=\"\">Artiste plasticienne et photographe install\u00e9e dans les Landes, Sabrina Ambre <strong>Biller<\/strong> d\u00e9veloppe une pratique m\u00ealant photographie, \u00e9criture et installation. Son travail explore la m\u00e9moire, l\u2019intime, le vivant et la transmission \u00e0 partir des territoires qu\u2019elle habite. Elle m\u00e8ne des enqu\u00eates po\u00e9tiques nourries de traces, d\u2019archives, d\u2019objets et de r\u00e9cits qui deviennent des outils de r\u00e9v\u00e9lation et de r\u00e9miniscence. Son travail prend la forme d\u2019\u0153uvres et de dispositifs immersifs favorisant le dialogue avec le public.<\/span><\/p><\/div><\/div><\/div><\/div><\/div><\/div><\/div><\/div><div id=\"\" class=\"module col-0 module-id-1768609322113 bm-wrap row-top row-left bm-wrap-height-auto\" data-module-col=\"0\" data-change-color=\"off\" data-backcolor=\"transparent\" data-frontcolor=\"\" data-logocolor=\"\" data-goto-top=\"off\" data-goto-top-spacing=\"0\" data-goto-disable-m=\"off\" data-groupsameheight=\"off\"><div class=\"module-inside group-inside\" style=\"--cornerRadius:0px 0px 0px 0px ; --top-mod: 100px;--bottom-mod: 60px;--top-mod-t: 100px;--bottom-mod-t: 60px;--top-mod-m:50px;--bottom-mod-m:40px;\" ><div id=\"\" class=\"module col-11 module-id-1768609322256\" data-module-col=\"11\"><div class=\"module-inside button-inside\" style=\"--top-mod: 0px;--bottom-mod: 0px;--top-mod-t: 0px;--bottom-mod-t: 0px;--top-mod-m:0px;--bottom-mod-m:0px;\" ><div class=\"btn-mod-wrap btn-1768609322256 btn-right btn-left-m ux-vertical ux-btn-wrap-regular\" style=\"\"><a class=\"ux-btn ux-btn-a-0 ux-cb-btn-1768609322256_0 fadeInM \" style=\"--fontsizeBtn: 18px;--fontsizeBtnT: 16px;--fontsizeBtnM: 18px;--lineHeightBtn: 1.3;--letterSpacingBtn: normal;\" href=\"https:\/\/www.facebook.com\/BillerSabrina\" target=\"_blank\" rel=\" noopener noreferrer \" ><span class=\"ux-btn-text-wrap\"><span class=\"ux-btn-text\">Facebook<\/span><\/span><\/a><a class=\"ux-btn ux-btn-a-1 ux-cb-btn-1768609322256_1 fadeInM \" style=\"--fontsizeBtn: 18px;--fontsizeBtnT: 16px;--fontsizeBtnM: 18px;--lineHeightBtn: 1.3;--letterSpacingBtn: normal;\" href=\"https:\/\/www.instagram.com\/sabrina_ambre_biller\" target=\"_blank\" rel=\" noopener noreferrer \" ><span class=\"ux-btn-text-wrap\"><span class=\"ux-btn-text\">Instagram<\/span><\/span><\/a><a class=\"ux-btn ux-btn-a-2 ux-cb-btn-1768609322256_2 fadeInM \" style=\"--fontsizeBtn: 18px;--fontsizeBtnT: 16px;--fontsizeBtnM: 18px;--lineHeightBtn: 1.3;--letterSpacingBtn: normal;\" href=\"https:\/\/www.linkedin.com\/in\/sabrina-ambre-biller\/\" target=\"_blank\" rel=\" noopener noreferrer \" ><span class=\"ux-btn-text-wrap\"><span class=\"ux-btn-text\">LinkedIn<\/span><\/span><\/a><\/div><\/div><\/div><div id=\"\" class=\"module col-12 module-id-1771185466500\" data-module-col=\"12\"><div class=\"module-inside text-inside\" style=\"--top-mod: 40px;--bottom-mod: 40px;--top-mod-t: 40px;--bottom-mod-t: 40px;--top-mod-m:20px;--bottom-mod-m:20px;\" ><div class=\"text_block_out\"  data-effect=\"standard\" style=\"\"><div class=\"text_block ux-mod-nobg\"><div class=\"text_block_inn\"><div id=\"text-1771185466500\" class=\"text_block_centered text_block_centered_enable_width\"  style=\"\"><p style=\"text-align: center;\"><strong><span style=\"color: #ff4d4d;\">notre site est en cours de mise \u00e0 jour, merci pour votre patience&nbsp;<\/span><\/strong><\/p><\/div><\/div><\/div><\/div><\/div><\/div><div id=\"\" class=\"module col-4 module-id-1772046023468 col-offset-8\" data-module-col=\"4\"><div class=\"module-inside single-image-inside\" style=\"--cornerRadius:0px 0px 0px 0px ; --top-mod: 0px;--bottom-mod: 0px;--top-mod-t: 0px;--bottom-mod-t: 0px;--top-mod-m:0px;--bottom-mod-m:0px;\" ><div class=\"single-image-out  \"  ><figure class=\"single-image   single-image-full   \" no><div class=\"ux-hover-wrap anima-wrap\" style=\"padding-top: 23.25%;\"><span class=\"ux-hover-wrap-a\"><img loading=\"lazy\" decoding=\"async\" alt=\"LOGO\" class=\"single-image-img img1st lazy \" src=\"data:image\/gif;base64,R0lGODlhAQABAIAAAAAAAP\/\/\/yH5BAEAAAAALAAAAAABAAEAAAIBRAA7\" data-src=\"http:\/\/sabdesigner.com\/livre\/wp-content\/uploads\/2026\/02\/LOGO.jpg\" data-srcset=\"http:\/\/sabdesigner.com\/livre\/wp-content\/uploads\/2026\/02\/LOGO.jpg 800w, http:\/\/sabdesigner.com\/livre\/wp-content\/uploads\/2026\/02\/LOGO-300x70.jpg 300w, http:\/\/sabdesigner.com\/livre\/wp-content\/uploads\/2026\/02\/LOGO-768x179.jpg 768w, http:\/\/sabdesigner.com\/livre\/wp-content\/uploads\/2026\/02\/LOGO-350x81.jpg 350w, http:\/\/sabdesigner.com\/livre\/wp-content\/uploads\/2026\/02\/LOGO-650x151.jpg 650w\" data-sizes=\"(max-width: 480px) 320px,(max-width: 767px) 500px,(max-width: 800px) 100vw, 800px\" width=\"800\" height=\"186\" \/><\/span><\/div><\/figure><\/div><\/div><\/div><\/div><\/div><div id=\"\" class=\"module col-0 module-id-1768911933069\" data-module-col=\"0\"><div class=\"module-inside divide-inside\" style=\"--top-mod: 0px;--bottom-mod: 0px;--top-mod-t: 0px;--bottom-mod-t: 0px;--top-mod-m:0px;--bottom-mod-m:0px;\" ><div class=\"sea-divide divide-line ux-mod-nobg\" ><\/div><\/div><\/div><div id=\"\" class=\"module col-0 module-id-1772037048105EdSLw\" data-module-col=\"0\"><div class=\"module-inside slider-inside post-0-4124\" style=\"--cornerRadius:0px 0px 0px 0px ; --top-mod: 0px;--bottom-mod: 0px;--top-mod-t: 0px;--bottom-mod-t: 0px;--top-mod-m:0px;--bottom-mod-m:0px;\" ><div class=\"slider-mod-wrap slider-style3 \" ><div class=\"owl-carousel\" data-item=\"1\" data-mobileitem=\"3\" data-center=\"true\" data-autowidth=\"true\" data-slideby=\"1\" data-showdot=\"false\" data-nav=\"false\" data-loop=\"true\" data-margin=\"10\" data-marginmobile=\"10\" data-mousedrag=\"false\" data-mousewheel=\"false\" data-auto=\"true\" data-autoplayTimeout=\"5000\" data-transition=\"500\" data-lazy=\"false\" data-random=\"true\" style=\"height:600px;\"><section class=\"item\"><div class=\"carousel-img-wrap ux-ajax-page-transition-link\" ><img loading=\"lazy\" decoding=\"async\" width=\"1080\" height=\"1350\" src=\"http:\/\/sabdesigner.com\/livre\/wp-content\/uploads\/2026\/01\/2.jpg\" class=\"single-fullwidth-slider-carousel-img attachment-all size-all\" alt=\"2\"><\/div><\/section><section class=\"item\"><div class=\"carousel-img-wrap ux-ajax-page-transition-link\" ><img loading=\"lazy\" decoding=\"async\" width=\"1080\" height=\"1350\" src=\"http:\/\/sabdesigner.com\/livre\/wp-content\/uploads\/2026\/01\/6.jpg\" class=\"single-fullwidth-slider-carousel-img attachment-all size-all\" alt=\"6\"><\/div><\/section><section class=\"item\"><div class=\"carousel-img-wrap ux-ajax-page-transition-link\" ><img loading=\"lazy\" decoding=\"async\" width=\"1080\" height=\"1350\" src=\"http:\/\/sabdesigner.com\/livre\/wp-content\/uploads\/2026\/01\/5.jpg\" class=\"single-fullwidth-slider-carousel-img attachment-all size-all\" alt=\"5\"><\/div><\/section><section class=\"item\"><div class=\"carousel-img-wrap ux-ajax-page-transition-link\" ><img loading=\"lazy\" decoding=\"async\" width=\"1080\" height=\"1350\" src=\"http:\/\/sabdesigner.com\/livre\/wp-content\/uploads\/2026\/01\/4.jpg\" class=\"single-fullwidth-slider-carousel-img attachment-all size-all\" alt=\"4\"><\/div><\/section><section class=\"item\"><div class=\"carousel-img-wrap ux-ajax-page-transition-link\" ><img loading=\"lazy\" decoding=\"async\" width=\"1080\" height=\"1350\" src=\"http:\/\/sabdesigner.com\/livre\/wp-content\/uploads\/2026\/01\/10.jpg\" class=\"single-fullwidth-slider-carousel-img attachment-all size-all\" alt=\"10\"><\/div><\/section><section class=\"item\"><div class=\"carousel-img-wrap ux-ajax-page-transition-link\" ><img loading=\"lazy\" decoding=\"async\" width=\"1080\" height=\"1350\" src=\"http:\/\/sabdesigner.com\/livre\/wp-content\/uploads\/2026\/01\/11.jpg\" class=\"single-fullwidth-slider-carousel-img attachment-all size-all\" alt=\"11\"><\/div><\/section><section class=\"item\"><div class=\"carousel-img-wrap ux-ajax-page-transition-link\" ><img loading=\"lazy\" decoding=\"async\" width=\"1080\" height=\"1350\" src=\"http:\/\/sabdesigner.com\/livre\/wp-content\/uploads\/2026\/01\/12.jpg\" class=\"single-fullwidth-slider-carousel-img attachment-all size-all\" alt=\"12\"><\/div><\/section><section class=\"item\"><div class=\"carousel-img-wrap ux-ajax-page-transition-link\" ><img loading=\"lazy\" decoding=\"async\" width=\"1080\" height=\"1350\" src=\"http:\/\/sabdesigner.com\/livre\/wp-content\/uploads\/2026\/01\/13.jpg\" class=\"single-fullwidth-slider-carousel-img attachment-all size-all\" alt=\"13\"><\/div><\/section><section class=\"item\"><div class=\"carousel-img-wrap ux-ajax-page-transition-link\" ><img loading=\"lazy\" decoding=\"async\" width=\"1080\" height=\"1350\" src=\"http:\/\/sabdesigner.com\/livre\/wp-content\/uploads\/2026\/01\/7.jpg\" class=\"single-fullwidth-slider-carousel-img attachment-all size-all\" alt=\"7\"><\/div><\/section><section class=\"item\"><div class=\"carousel-img-wrap ux-ajax-page-transition-link\" ><img loading=\"lazy\" decoding=\"async\" width=\"1080\" height=\"1350\" src=\"http:\/\/sabdesigner.com\/livre\/wp-content\/uploads\/2026\/01\/17.jpg\" class=\"single-fullwidth-slider-carousel-img attachment-all size-all\" alt=\"17\"><\/div><\/section><section class=\"item\"><div class=\"carousel-img-wrap ux-ajax-page-transition-link\" ><img loading=\"lazy\" decoding=\"async\" width=\"1080\" height=\"1350\" src=\"http:\/\/sabdesigner.com\/livre\/wp-content\/uploads\/2026\/01\/9.jpg\" class=\"single-fullwidth-slider-carousel-img attachment-all size-all\" alt=\"9\"><\/div><\/section><\/div><\/div><!--End slider-wrap--><\/div><\/div><div id=\"\" class=\"module col-10 module-id-1768914189451 bm-wrap row-bottom row-left keep-origin-layout-mobile bm-wrap-height-auto col-offset-2\" data-module-col=\"10\" data-change-color=\"off\" data-backcolor=\"transparent\" data-frontcolor=\"\" data-logocolor=\"\" data-goto-top=\"off\" data-goto-top-spacing=\"0\" data-goto-disable-m=\"\" data-groupsameheight=\"off\"><div class=\"module-inside group-inside\" style=\"--top-mod: 60px;--bottom-mod: 20px;--top-mod-t: 60px;--bottom-mod-t: 20px;--top-mod-m:20px;--bottom-mod-m:10px;\" ><div id=\"\" class=\"module col-10 module-id-1768914189686\" data-module-col=\"10\"><div class=\"module-inside text-inside\" style=\"--top-mod: 0px;--bottom-mod: 0px;--top-mod-t: 0px;--bottom-mod-t: 0px;--top-mod-m:10px;--bottom-mod-m:0px;\" ><div class=\"text_block_out\"  data-effect=\"standard\" style=\"\"><div class=\"text_block ux-mod-nobg\"><div class=\"text_block_inn\"><div id=\"text-1768914189686\" class=\"text_block_centered text_block_centered_enable_width\"  style=\"\"><h3>Actions culturelles et artistiques \u2022 <strong>projets et territoires<\/strong><\/h3>\n<p>EAC<\/p><\/div><\/div><\/div><\/div><\/div><\/div><div id=\"\" class=\"module col-3 module-id-1768914189858\" data-module-col=\"3\"><div class=\"module-inside text-inside\" style=\"--top-mod: 0px;--bottom-mod: 0px;--top-mod-t: 0px;--bottom-mod-t: 0px;--top-mod-m:0px;--bottom-mod-m:0px;\" ><div class=\"text_block_out\"  data-effect=\"mask\" style=\"\"><div class=\"text_block withbg background_image\"><div class=\"  bm-text-bgimg-mask\" style=\"\"><div class=\"text_block_inn\"><div id=\"text-1768914189858\" class=\"text_block_centered text_block_centered_enable_width\"  style=\"--text-mask-background-image:url(http:\/\/sabdesigner.com\/livre\/wp-content\/uploads\/2025\/12\/1.jpg)\"><h3 style=\"text-align: left;\"><span style=\"color: #000000;\"><span style=\"caret-color: #000000;\"><span style=\"color: #000000;\">20<\/span><strong>25<\/strong><span style=\"color: #000000;\">&#8211;<\/span><strong>26<\/strong><\/span><\/span><span class=\"sea-font-m-20px\" style=\"font-size: 2.8vw; font-family: ux-font-1629171215418; color: #dd3333;\"><a style=\"color: #dd3333;\" href=\"#\"> \u2794<\/a><\/span><\/h3><\/div><\/div><\/div><\/div><\/div><\/div><\/div><\/div><\/div><div id=\"\" class=\"module col-9 module-id-1768912465681 bm-wrap row-top row-left bm-wrap-height-auto col-offset-2\" data-module-col=\"9\" data-change-color=\"off\" data-backcolor=\"transparent\" data-frontcolor=\"\" data-logocolor=\"\" data-goto-top=\"off\" data-goto-top-spacing=\"0\" data-goto-disable-m=\"off\" data-groupsameheight=\"off\"><div class=\"module-inside group-inside\" style=\"--cornerRadius:0px 0px 0px 0px ; --top-mod: 0px;--bottom-mod: 0px;--top-mod-t: 0px;--bottom-mod-t: 0px;--top-mod-m:0px;--bottom-mod-m:0px;\" ><div id=\"\" class=\"module col-9 module-id-1768909835010 col-offset-0\" data-module-col=\"9\"><div class=\"module-inside text-inside\" style=\"--top-mod: 20px;--bottom-mod: 100px;--top-mod-t: 20px;--bottom-mod-t: 100px;--top-mod-m:10px;--bottom-mod-m:50px;\" ><div class=\"text_block_out\"  data-effect=\"standard\" style=\"\"><div class=\"text_block ux-mod-nobg\"><div class=\"text_block_inn\"><div id=\"text-1768909835010\" class=\"text_block_centered text_block_centered_enable_width\"  style=\"\"><p><span style=\"font-size: 26px;\" data-msize=\"22px;\">Pour l\u2019ann\u00e9e 2025\u20132026, ce projet d\u2019ateliers d\u2019<strong>\u00c9ducation Artistique et Culturelle en Nouvelle-Aquitaine<\/strong> se d\u00e9ploie sur trois lyc\u00e9es et deux d\u00e9partements, aupr\u00e8s de six classes rassemblant des parcours pluriels d\u2019apprentis, de la Seconde \u00e0 la Terminale jusqu&rsquo;au Bac Pro. <\/span><\/p>\n<p><span style=\"font-size: 14px;\">&nbsp;<\/span><\/p>\n<p><span style=\"font-size: 26px;\" data-msize=\"22px;\">\u00c0 travers une exploration sensible de leurs territoires partag\u00e9s, les \u00e9l\u00e8ves sont invit\u00e9s \u00e0 croiser \u00e9criture po\u00e9tique, dessin, gravure, cyanotype, captation audio et photographie afin de faire \u00e9merger leurs regards, leurs voix et leurs exp\u00e9riences du vivre-ensemble. <\/span><\/p>\n<p><span style=\"font-size: 14px;\">&nbsp;<\/span><\/p>\n<p><span style=\"font-size: 26px;\" data-msize=\"22px;\">Ce parcours artistique collectif donne lieu \u00e0 des restitutions au sein des \u00e9tablissements et \u00e0 l&rsquo;ext\u00e9rieur, o\u00f9 l\u2019expression orale occupe une place centrale et o\u00f9 les territoires v\u00e9cus dialoguent avec ceux imagin\u00e9s, dans un esprit de cr\u00e9ation, de confiance et de d\u00e9passement de soi.<\/span><\/p><\/div><\/div><\/div><\/div><\/div><\/div><\/div><\/div><div id=\"\" class=\"module col-10 module-id-176891398314 bm-wrap row-top row-left bm-wrap-height-auto col-offset-2\" data-module-col=\"10\" data-change-color=\"off\" data-backcolor=\"transparent\" data-frontcolor=\"\" data-logocolor=\"\" data-goto-top=\"off\" data-goto-top-spacing=\"0\" data-goto-disable-m=\"off\" data-groupsameheight=\"off\"><div class=\"module-inside group-inside\" style=\"--top-mod: 0px;--bottom-mod: 0px;--top-mod-t: 0px;--bottom-mod-t: 0px;--top-mod-m:0px;--bottom-mod-m:0px;\" ><div id=\"plus\" class=\"module col-9 module-id-1768912914997 module-animation\" data-module-col=\"9\"><div class=\"module-inside button-inside\" style=\"--top-mod: 0px;--bottom-mod: 0px;--top-mod-t: 0px;--bottom-mod-t: 0px;--top-mod-m:0px;--bottom-mod-m:0px;\" ><div class=\"btn-mod-wrap btn-1768912914997 btn-right btn-center-m ux-horizontal ux-btn-wrap-regular\" style=\"\"><a class=\"ux-btn ux-btn-a-0 ux-cb-btn-1768912914997_0 fadeInM \" style=\"--fontsizeBtn: 16px;--fontsizeBtnT: 16px;--fontsizeBtnM: 14px;--lineHeightBtn: 1.5;--letterSpacingBtn: normal;\" href=\"https:\/\/sabdesigner.com\/livre\/ce-qui-nous-lie\/\" target=\"_blank\" rel=\" noopener noreferrer \" data-animation=\"fadein\"><span class=\"ux-btn-text-wrap\"><span class=\"ux-btn-text\">En savoir +<\/span><\/span><\/a><\/div><\/div><\/div><\/div><\/div><div id=\"\" class=\"module col-9 module-id-1771173230265CpcN0 bm-wrap row-bottom row-left keep-origin-layout-mobile bm-wrap-height-auto col-offset-2\" data-module-col=\"9\" data-change-color=\"off\" data-backcolor=\"transparent\" data-frontcolor=\"\" data-logocolor=\"\" data-goto-top=\"off\" data-goto-top-spacing=\"0\" data-goto-disable-m=\"\" data-groupsameheight=\"off\"><div class=\"module-inside group-inside\" style=\"--top-mod: 60px;--bottom-mod: 20px;--top-mod-t: 60px;--bottom-mod-t: 20px;--top-mod-m:20px;--bottom-mod-m:10px;\" ><div id=\"\" class=\"module col-9 module-id-1771173230854kAzqV\" data-module-col=\"9\"><div class=\"module-inside text-inside\" style=\"--top-mod: 0px;--bottom-mod: 0px;--top-mod-t: 0px;--bottom-mod-t: 0px;--top-mod-m:10px;--bottom-mod-m:0px;\" ><div class=\"text_block_out\"  data-effect=\"standard\" style=\"\"><div class=\"text_block ux-mod-nobg\"><div class=\"text_block_inn\"><div id=\"text-1771173230854kAzqV\" class=\"text_block_centered text_block_centered_enable_width\"  style=\"\"><h3>M\u00e9moire enfouis&nbsp;<\/h3>\n<p>EXPOSITION<\/p><\/div><\/div><\/div><\/div><\/div><\/div><div id=\"\" class=\"module col-9 module-id-1771185811056b_eKx\" data-module-col=\"9\"><div class=\"module-inside text-inside\" style=\"--top-mod: 0px;--bottom-mod: 0px;--top-mod-t: 0px;--bottom-mod-t: 0px;--top-mod-m:10px;--bottom-mod-m:0px;\" ><div class=\"text_block_out\"  data-effect=\"standard\" style=\"\"><div class=\"text_block ux-mod-nobg\"><div class=\"text_block_inn\"><div id=\"text-1771185811056b_eKx\" class=\"text_block_centered text_block_centered_enable_width\"  style=\"\"><p><span style=\"font-size: 26px;\" data-msize=\"22px;\">Dans une valise oubli\u00e9e, diapositives et n\u00e9gatifs des ann\u00e9es 1950-60 refont surface. Leur \u00e9tude r\u00e9v\u00e8le l\u2019ing\u00e9niosit\u00e9 des pionniers de la plong\u00e9e sous-marine et tisse un dialogue po\u00e9tique entre un p\u00e8re et sa fille, entre m\u00e9moire intime et universelle. <\/span><\/p>\n<p>&nbsp;<\/p>\n<p><span style=\"font-size: 26px;\" data-msize=\"22px;\">Labellis\u00e9e <strong data-start=\"412\" data-end=\"436\">\u00ab\u202fLa Mer en Commun\u202f\u00bb<\/strong> pour l\u2019Ann\u00e9e de la Mer 2025, cette exposition constitue la premi\u00e8re r\u00e9activation des archives en vue d\u2019une r\u00e9interpr\u00e9tation contemporaine.<\/span><\/p>\n<p>&nbsp;<\/p><\/div><\/div><\/div><\/div><\/div><\/div><div id=\"\" class=\"module col-3 module-id-1771173230856od2L0\" data-module-col=\"3\"><div class=\"module-inside text-inside\" style=\"--top-mod: 0px;--bottom-mod: 0px;--top-mod-t: 0px;--bottom-mod-t: 0px;--top-mod-m:0px;--bottom-mod-m:0px;\" ><div class=\"text_block_out\"  data-effect=\"mask\" style=\"\"><div class=\"text_block withbg background_image\"><div class=\"  bm-text-bgimg-mask\" style=\"\"><div class=\"text_block_inn\"><div id=\"text-1771173230856od2L0\" class=\"text_block_centered text_block_centered_enable_width\"  style=\"--text-mask-background-image:url(http:\/\/sabdesigner.com\/livre\/wp-content\/uploads\/2025\/12\/1.jpg)\"><h3 style=\"text-align: left;\"><span style=\"color: #000000;\"><span style=\"caret-color: #000000;\"><span style=\"color: #000000;\">20<\/span><strong>25<\/strong><\/span><\/span><span class=\"sea-font-m-20px\" style=\"font-size: 2.8vw; font-family: ux-font-1629171215418; color: #dd3333;\"><a style=\"color: #dd3333;\" href=\"#\"> \u2794<\/a><\/span><\/h3><\/div><\/div><\/div><\/div><\/div><\/div><\/div><div id=\"plus\" class=\"module col-9 module-id-1771173255098j39KY module-animation\" data-module-col=\"9\"><div class=\"module-inside button-inside\" style=\"--top-mod: 0px;--bottom-mod: 0px;--top-mod-t: 0px;--bottom-mod-t: 0px;--top-mod-m:0px;--bottom-mod-m:0px;\" ><div class=\"btn-mod-wrap btn-1771173255098j39KY btn-right btn-center-m ux-horizontal ux-btn-wrap-regular\" style=\"\"><a class=\"ux-btn ux-btn-a-0 ux-cb-btn-1771173255098j39KY_0 fadeInM \" style=\"--fontsizeBtn: 16px;--fontsizeBtnT: 16px;--fontsizeBtnM: 14px;--lineHeightBtn: 1.5;--letterSpacingBtn: normal;\" href=\"https:\/\/sabdesigner.com\/livre\/les-profondeurs\/\" target=\"_blank\" rel=\" noopener noreferrer \" data-animation=\"fadein\"><span class=\"ux-btn-text-wrap\"><span class=\"ux-btn-text\">En savoir +<\/span><\/span><\/a><\/div><\/div><\/div><\/div><\/div><div id=\"\" class=\"module col-9 module-id-1771172585995 bm-wrap row-bottom row-left keep-origin-layout-mobile bm-wrap-height-auto col-offset-2\" data-module-col=\"9\" data-change-color=\"off\" data-backcolor=\"transparent\" data-frontcolor=\"\" data-logocolor=\"\" data-goto-top=\"off\" data-goto-top-spacing=\"0\" data-goto-disable-m=\"\" data-groupsameheight=\"off\"><div class=\"module-inside group-inside\" style=\"--top-mod: 60px;--bottom-mod: 20px;--top-mod-t: 60px;--bottom-mod-t: 20px;--top-mod-m:20px;--bottom-mod-m:10px;\" ><div id=\"\" class=\"module col-9 module-id-1771172586125\" data-module-col=\"9\"><div class=\"module-inside text-inside\" style=\"--top-mod: 0px;--bottom-mod: 0px;--top-mod-t: 0px;--bottom-mod-t: 0px;--top-mod-m:10px;--bottom-mod-m:0px;\" ><div class=\"text_block_out\"  data-effect=\"standard\" style=\"\"><div class=\"text_block ux-mod-nobg\"><div class=\"text_block_inn\"><div id=\"text-1771172586125\" class=\"text_block_centered text_block_centered_enable_width\"  style=\"\"><h3>R\u00e9sidence en territoire en culturelles et artistiques \u2022 <strong>cr\u00e9ation et m\u00e9diation<\/strong><\/h3>\n<p>R\u00c9SIDENCE<\/p><\/div><\/div><\/div><\/div><\/div><\/div><div id=\"\" class=\"module col-9 module-id-17711857184586tFuM\" data-module-col=\"9\"><div class=\"module-inside text-inside\" style=\"--top-mod: 20px;--bottom-mod: 0px;--top-mod-t: 20px;--bottom-mod-t: 0px;--top-mod-m:20px;--bottom-mod-m:0px;\" ><div class=\"text_block_out\"  data-effect=\"standard\" style=\"\"><div class=\"text_block ux-mod-nobg\"><div class=\"text_block_inn\"><div id=\"text-17711857184586tFuM\" class=\"text_block_centered text_block_centered_enable_width\"  style=\"\"><p><span style=\"font-size: 26px;\" data-msize=\"22px;\">Dispositif R\u00e9sidences en territoire, organis\u00e9e par <a href=\"http:\/\/alca-nouvelle-aquitaine.fr\"><strong>ALCA Nouvelle-Aquitaine<\/strong><\/a>, avec le soutien de la R\u00e9gion Nouvelle-Aquitaine, la Drac Nouvelle-Aquitaine, les rectorats des Acad\u00e9mies de Bordeaux, Poitiers, Limoges et la Draaf Nouvelle-Aquitaine.<\/span><\/p>\n<p>&nbsp;<\/p><\/div><\/div><\/div><\/div><\/div><\/div><div id=\"\" class=\"module col-3 module-id-1771172586241\" data-module-col=\"3\"><div class=\"module-inside text-inside\" style=\"--top-mod: 0px;--bottom-mod: 0px;--top-mod-t: 0px;--bottom-mod-t: 0px;--top-mod-m:0px;--bottom-mod-m:0px;\" ><div class=\"text_block_out\"  data-effect=\"mask\" style=\"\"><div class=\"text_block withbg background_image\"><div class=\"  bm-text-bgimg-mask\" style=\"\"><div class=\"text_block_inn\"><div id=\"text-1771172586241\" class=\"text_block_centered text_block_centered_enable_width\"  style=\"--text-mask-background-image:url(http:\/\/sabdesigner.com\/livre\/wp-content\/uploads\/2025\/12\/1.jpg)\"><h3 style=\"text-align: left;\"><span style=\"color: #000000;\"><span style=\"caret-color: #000000;\"><span style=\"color: #000000;\">20<\/span><strong>24<\/strong><span style=\"color: #000000;\">&#8211;<\/span><strong>25<\/strong><\/span><\/span><span class=\"sea-font-m-20px\" style=\"font-size: 2.8vw; font-family: ux-font-1629171215418; color: #dd3333;\"><a style=\"color: #dd3333;\" href=\"#\"> \u2794<\/a><\/span><\/h3><\/div><\/div><\/div><\/div><\/div><\/div><\/div><div id=\"plus\" class=\"module col-9 module-id-1771173060724-2Yzl module-animation\" data-module-col=\"9\"><div class=\"module-inside button-inside\" style=\"--top-mod: 0px;--bottom-mod: 40px;--top-mod-t: 0px;--bottom-mod-t: 40px;--top-mod-m:0px;--bottom-mod-m:20px;\" ><div class=\"btn-mod-wrap btn-1771173060724-2Yzl btn-right btn-center-m ux-horizontal ux-btn-wrap-regular\" style=\"\"><a class=\"ux-btn ux-btn-a-0 ux-cb-btn-1771173060724-2Yzl_0 fadeInM \" style=\"--fontsizeBtn: 16px;--fontsizeBtnT: 16px;--fontsizeBtnM: 14px;--lineHeightBtn: 1.5;--letterSpacingBtn: normal;\" href=\"https:\/\/sabdesigner.com\/livre\/semer-et-faire-sens-entre-terre-geste-et-recit\/\" target=\"_blank\" rel=\" noopener noreferrer \" data-animation=\"fadein\"><span class=\"ux-btn-text-wrap\"><span class=\"ux-btn-text\">En savoir +<\/span><\/span><\/a><\/div><\/div><\/div><\/div><\/div><div id=\"\" class=\"module col-9 module-id-1771509924086Zkw-T bm-wrap row-bottom row-left keep-origin-layout-mobile bm-wrap-height-auto col-offset-2\" data-module-col=\"9\" data-change-color=\"off\" data-backcolor=\"transparent\" data-frontcolor=\"\" data-logocolor=\"\" data-goto-top=\"off\" data-goto-top-spacing=\"0\" data-goto-disable-m=\"\" data-groupsameheight=\"off\"><div class=\"module-inside group-inside\" style=\"--top-mod: 60px;--bottom-mod: 20px;--top-mod-t: 60px;--bottom-mod-t: 20px;--top-mod-m:20px;--bottom-mod-m:10px;\" ><div id=\"\" class=\"module col-9 module-id-1771509924697y1XIE\" data-module-col=\"9\"><div class=\"module-inside text-inside\" style=\"--top-mod: 0px;--bottom-mod: 0px;--top-mod-t: 0px;--bottom-mod-t: 0px;--top-mod-m:10px;--bottom-mod-m:0px;\" ><div class=\"text_block_out\"  data-effect=\"standard\" style=\"\"><div class=\"text_block ux-mod-nobg\"><div class=\"text_block_inn\"><div id=\"text-1771509924697y1XIE\" class=\"text_block_centered text_block_centered_enable_width\"  style=\"\"><h3>Rivage de brumes &amp; terre de murmures&nbsp;<\/h3>\n<p>EXPOSITION<\/p><\/div><\/div><\/div><\/div><\/div><\/div><div id=\"\" class=\"module col-9 module-id-1771509924699abZW2\" data-module-col=\"9\"><div class=\"module-inside text-inside\" style=\"--top-mod: 20px;--bottom-mod: 0px;--top-mod-t: 20px;--bottom-mod-t: 0px;--top-mod-m:20px;--bottom-mod-m:0px;\" ><div class=\"text_block_out\"  data-effect=\"standard\" style=\"\"><div class=\"text_block ux-mod-nobg\"><div class=\"text_block_inn\"><div id=\"text-1771509924699abZW2\" class=\"text_block_centered text_block_centered_enable_width\"  style=\"\"><p><span style=\"font-size: 26px;\" data-msize=\"22px;\">Entre brumes et rivages, cette s\u00e9rie explore les paysages de Bretagne, d\u2019Irlande et de Galice, m\u00ealant nature, culture et h\u00e9ritage. Chaque image cr\u00e9e un espace suspendu, invitant \u00e0 la contemplation et \u00e0 la r\u00e9activation de la m\u00e9moire sensible. La m\u00e9moire intime, familiale, v\u00e9g\u00e9tale et collective devient mati\u00e8re vivante, r\u00e9v\u00e9l\u00e9e par la photographie et le texte. Le projet interroge notre rapport au territoire et \u00e0 l\u2019imaginaire, inscrivant la cr\u00e9ation dans une r\u00e9flexion contemporaine sur l\u2019h\u00e9ritage et le vivant.<\/span><\/p>\n<p>&nbsp;<\/p><\/div><\/div><\/div><\/div><\/div><\/div><div id=\"\" class=\"module col-3 module-id-1771509924700oMsbR\" data-module-col=\"3\"><div class=\"module-inside text-inside\" style=\"--top-mod: 0px;--bottom-mod: 0px;--top-mod-t: 0px;--bottom-mod-t: 0px;--top-mod-m:0px;--bottom-mod-m:0px;\" ><div class=\"text_block_out\"  data-effect=\"mask\" style=\"\"><div class=\"text_block withbg background_image\"><div class=\"  bm-text-bgimg-mask\" style=\"\"><div class=\"text_block_inn\"><div id=\"text-1771509924700oMsbR\" class=\"text_block_centered text_block_centered_enable_width\"  style=\"--text-mask-background-image:url(http:\/\/sabdesigner.com\/livre\/wp-content\/uploads\/2025\/12\/1.jpg)\"><h3 style=\"text-align: left;\"><span style=\"color: #000000;\"><span style=\"caret-color: #000000;\"><span style=\"color: #000000;\">20<\/span><strong>24<\/strong><\/span><\/span><span class=\"sea-font-m-20px\" style=\"font-size: 2.8vw; font-family: ux-font-1629171215418; color: #dd3333;\"><a style=\"color: #dd3333;\" href=\"#\"> \u2794<\/a><\/span><\/h3><\/div><\/div><\/div><\/div><\/div><\/div><\/div><div id=\"plus\" class=\"module col-9 module-id-1771509924706xATy3 module-animation\" data-module-col=\"9\"><div class=\"module-inside button-inside\" style=\"--top-mod: 0px;--bottom-mod: 0px;--top-mod-t: 0px;--bottom-mod-t: 0px;--top-mod-m:0px;--bottom-mod-m:0px;\" ><div class=\"btn-mod-wrap btn-1771509924706xATy3 btn-right btn-center-m ux-horizontal ux-btn-wrap-regular\" style=\"\"><a class=\"ux-btn ux-btn-a-0 ux-cb-btn-1771509924706xATy3_0 fadeInM \" style=\"--fontsizeBtn: 16px;--fontsizeBtnT: 16px;--fontsizeBtnM: 14px;--lineHeightBtn: 1.5;--letterSpacingBtn: normal;\" href=\"https:\/\/www.instagram.com\/sabrina_ambre_biller\/\" target=\"_blank\" rel=\" noopener noreferrer \" data-animation=\"fadein\"><span class=\"ux-btn-text-wrap\"><span class=\"ux-btn-text\">En savoir +<\/span><\/span><\/a><\/div><\/div><\/div><\/div><\/div><div id=\"\" class=\"module col-0 module-id-1771173254500c2CJz bm-wrap row-top row-left bm-wrap-height-auto col-offset-2\" data-module-col=\"0\" data-change-color=\"off\" data-backcolor=\"transparent\" data-frontcolor=\"\" data-logocolor=\"\" data-goto-top=\"off\" data-goto-top-spacing=\"0\" data-goto-disable-m=\"off\" data-groupsameheight=\"off\"><div class=\"module-inside group-inside\" style=\"--top-mod: 0px;--bottom-mod: 0px;--top-mod-t: 0px;--bottom-mod-t: 0px;--top-mod-m:0px;--bottom-mod-m:0px;\" ><div id=\"\" class=\"module col-0 module-id-1771173255102k2crS\" data-module-col=\"0\"><div class=\"module-inside divide-inside\" style=\"--top-mod: 100px;--bottom-mod: 0px;--top-mod-t: 100px;--bottom-mod-t: 0px;--top-mod-m:50px;--bottom-mod-m:0px;\" ><div class=\"sea-divide divide-line ux-mod-nobg\" ><\/div><\/div><\/div><\/div><\/div><div id=\"\" class=\"module col-4 module-id-1772037610972\" data-module-col=\"4\"><div class=\"module-inside button-inside\" style=\"--top-mod: 0px;--bottom-mod: 40px;--top-mod-t: 0px;--bottom-mod-t: 40px;--top-mod-m:0px;--bottom-mod-m:0px;\" ><div class=\"btn-mod-wrap btn-1772037610972 btn-left btn-left-m ux-horizontal ux-btn-wrap-img\" style=\"\"><a class=\"ux-btn ux-btn-a-0 ux-cb-btn-1772037610972_0  \" style=\"\" href=\"https:\/\/art.seatheme.net\/gallery2\/work\/\" target=\"_self\" rel=\" \" ><\/a><\/div><\/div><\/div><div id=\"\" class=\"module col-4 module-id-1772037612276\" data-module-col=\"4\"><div class=\"module-inside button-inside\" style=\"--top-mod: 0px;--bottom-mod: 40px;--top-mod-t: 0px;--bottom-mod-t: 40px;--top-mod-m:0px;--bottom-mod-m:0px;\" ><div class=\"btn-mod-wrap btn-1772037612276 btn-left btn-left-m ux-horizontal ux-btn-wrap-img\" style=\"\"><a class=\"ux-btn ux-btn-a-0 ux-cb-btn-1772037612276_0  \" style=\"\" href=\"\" target=\"_self\" rel=\" \" ><\/a><\/div><\/div><\/div><div id=\"\" class=\"module col-4 module-id-1772037613496\" data-module-col=\"4\"><div class=\"module-inside button-inside\" style=\"--top-mod: 0px;--bottom-mod: 40px;--top-mod-t: 0px;--bottom-mod-t: 40px;--top-mod-m:0px;--bottom-mod-m:20px;\" ><div class=\"btn-mod-wrap btn-1772037613496 btn-left btn-left-m ux-horizontal ux-btn-wrap-img\" style=\"\"><a class=\"ux-btn ux-btn-a-0 ux-cb-btn-1772037613496_0  \" style=\"\" href=\"https:\/\/art.seatheme.net\/gallery2\/about\/\" target=\"_self\" rel=\" \" ><\/a><\/div><\/div><\/div><\/div>","protected":false},"excerpt":{"rendered":"<p>Sabrina Ambre Biller Autrice, illustratrice et photographie<\/p>\n","protected":false},"author":1,"featured_media":0,"parent":0,"menu_order":0,"comment_status":"closed","ping_status":"closed","template":"","meta":{"_seopress_robots_primary_cat":"","_seopress_titles_title":"Sabrina Ambre Biller | Artiste-Autrice - Nouvelle-Aquitaine, Landes","_seopress_titles_desc":"Artiste plasticienne et photographe install\u00e9e dans les Landes, Sabrina Ambre Biller d\u00e9veloppe une pratique m\u00ealant photographie, \u00e9criture et installation.","_seopress_robots_index":"","footnotes":""},"class_list":["post-4104","page","type-page","status-publish","hentry"],"_links":{"self":[{"href":"http:\/\/sabdesigner.com\/livre\/wp-json\/wp\/v2\/pages\/4104","targetHints":{"allow":["GET"]}}],"collection":[{"href":"http:\/\/sabdesigner.com\/livre\/wp-json\/wp\/v2\/pages"}],"about":[{"href":"http:\/\/sabdesigner.com\/livre\/wp-json\/wp\/v2\/types\/page"}],"author":[{"embeddable":true,"href":"http:\/\/sabdesigner.com\/livre\/wp-json\/wp\/v2\/users\/1"}],"replies":[{"embeddable":true,"href":"http:\/\/sabdesigner.com\/livre\/wp-json\/wp\/v2\/comments?post=4104"}],"version-history":[{"count":12,"href":"http:\/\/sabdesigner.com\/livre\/wp-json\/wp\/v2\/pages\/4104\/revisions"}],"predecessor-version":[{"id":4736,"href":"http:\/\/sabdesigner.com\/livre\/wp-json\/wp\/v2\/pages\/4104\/revisions\/4736"}],"wp:attachment":[{"href":"http:\/\/sabdesigner.com\/livre\/wp-json\/wp\/v2\/media?parent=4104"}],"curies":[{"name":"wp","href":"https:\/\/api.w.org\/{rel}","templated":true}]}}