{"id":4645,"date":"2026-02-19T14:34:00","date_gmt":"2026-02-19T13:34:00","guid":{"rendered":"https:\/\/sabdesigner.com\/livre\/?page_id=4645"},"modified":"2026-02-19T14:48:01","modified_gmt":"2026-02-19T13:48:01","slug":"les-profondeurs","status":"publish","type":"page","link":"http:\/\/sabdesigner.com\/livre\/les-profondeurs\/","title":{"rendered":"Les profondeurs | Sabrina Ambre Biller \u2794 travaux en cours"},"content":{"rendered":"<div class=\"bm-builder clearfix \"><div id=\"\" class=\"module col-0 module-id-1771501535185 bm-wrap row-top row-left bm-wrap-height-auto\" data-module-col=\"0\" data-change-color=\"off\" data-backcolor=\"transparent\" data-frontcolor=\"\" data-logocolor=\"\" data-goto-top=\"off\" data-goto-top-spacing=\"0\" data-goto-disable-m=\"\" data-groupsameheight=\"off\"><div class=\"module-inside group-inside\" style=\"--top-mod: 0px;--bottom-mod: 40px;--top-mod-t: 0px;--bottom-mod-t: 40px;--top-mod-m:0px;--bottom-mod-m:10px;\" ><div id=\"\" class=\"module col-0 module-id-1771501535253 col-offset-0\" data-module-col=\"0\"><div class=\"module-inside single-image-inside\" style=\"--cornerRadius:0px 0px 0px 0px ; --top-mod: 0px;--bottom-mod: 40px;--top-mod-t: 0px;--bottom-mod-t: 40px;--top-mod-m:0px;--bottom-mod-m:40px;\" ><div class=\"single-image-out  \"  ><figure class=\"single-image   single-image-full   \" no><div class=\"ux-hover-wrap anima-wrap\" style=\"padding-top: 66.647855530474%;\"><span class=\"ux-hover-wrap-a\"><img loading=\"lazy\" decoding=\"async\" alt=\"Lumi\u00e8re sous-marine\" class=\"single-image-img img1st lazy \" src=\"data:image\/gif;base64,R0lGODlhAQABAIAAAAAAAP\/\/\/yH5BAEAAAAALAAAAAABAAEAAAIBRAA7\" data-src=\"http:\/\/sabdesigner.com\/livre\/wp-content\/uploads\/2026\/02\/ManfredBiller-STC.jpg\" data-srcset=\"http:\/\/sabdesigner.com\/livre\/wp-content\/uploads\/2026\/02\/ManfredBiller-STC.jpg 1772w, http:\/\/sabdesigner.com\/livre\/wp-content\/uploads\/2026\/02\/ManfredBiller-STC-300x200.jpg 300w, http:\/\/sabdesigner.com\/livre\/wp-content\/uploads\/2026\/02\/ManfredBiller-STC-1024x682.jpg 1024w, http:\/\/sabdesigner.com\/livre\/wp-content\/uploads\/2026\/02\/ManfredBiller-STC-768x512.jpg 768w, http:\/\/sabdesigner.com\/livre\/wp-content\/uploads\/2026\/02\/ManfredBiller-STC-1536x1024.jpg 1536w, http:\/\/sabdesigner.com\/livre\/wp-content\/uploads\/2026\/02\/ManfredBiller-STC-350x233.jpg 350w, http:\/\/sabdesigner.com\/livre\/wp-content\/uploads\/2026\/02\/ManfredBiller-STC-arttheme-standard-thumb-650x433.jpg 650w, http:\/\/sabdesigner.com\/livre\/wp-content\/uploads\/2026\/02\/ManfredBiller-STC-arttheme-standard-thumb-medium-1000x666.jpg 1000w\" data-sizes=\"(max-width: 480px) 320px,(max-width: 767px) 500px,(max-width: 1772px) 100vw, 1772px\" width=\"1772\" height=\"1181\" \/><\/span><\/div><\/figure><\/div><\/div><\/div><div id=\"\" class=\"module col-6 module-id-1771501535427 col-offset-1\" data-module-col=\"6\"><div class=\"module-inside text-inside\" style=\"--top-mod: 40px;--bottom-mod: 0px;--top-mod-t: 40px;--bottom-mod-t: 0px;--top-mod-m:0px;--bottom-mod-m:20px;\" ><div class=\"text_block_out\"  data-effect=\"standard\" style=\"\"><div class=\"text_block ux-mod-nobg\"><div class=\"text_block_inn\"><div id=\"text-1771501535427\" class=\"text_block_centered text_block_centered_enable_width\"  style=\"\"><h3><strong>M\u00e9moire enfouie<\/strong>&nbsp;<\/h3><\/div><\/div><\/div><\/div><\/div><\/div><div id=\"\" class=\"module col-8 module-id-1771501535548 col-offset-3\" data-module-col=\"8\"><div class=\"module-inside text-inside\" style=\"--top-mod: 40px;--bottom-mod: 40px;--top-mod-t: 40px;--bottom-mod-t: 40px;--top-mod-m:0px;--bottom-mod-m:40px;\" ><div class=\"text_block_out\"  data-effect=\"standard\" style=\"\"><div class=\"text_block ux-mod-nobg\"><div class=\"text_block_inn\"><div id=\"text-1771501535548\" class=\"text_block_centered text_block_centered_enable_width\"  style=\"\"><p>Une exposition en novembre 2025 a constitu\u00e9 la premi\u00e8re r\u00e9activation des archives en vue d\u2019une r\u00e9interpr\u00e9tation contemporaine.<\/p>\n<p>&nbsp;<\/p>\n<p>\u00ab M\u00e9moires crois\u00e9es, fragments enfouis<i>&nbsp;<\/i>\u00bb est n\u00e9 d\u2019une valise ferm\u00e9e depuis des d\u00e9cennies. \u00c0 l\u2019int\u00e9rieur : plusieurs centaines de n\u00e9gatifs r\u00e9alis\u00e9s par mon p\u00e8re dans les ann\u00e9es 1950-60, alors que la photographie sous-marine \u00e9tait encore exp\u00e9rimentale. Avec des bo\u00eetiers fabriqu\u00e9s maison, il plongeait explorer \u00e9paves, amphores, objets engloutis et reliefs sous-marins encore peu document\u00e9s.<\/p>\n<p>En d\u00e9couvrant ces archives, un dialogue s\u2019est ouvert entre lui et moi, entre une m\u00e9moire intime et une m\u00e9moire collective : que transmet une image au-del\u00e0 du sujet ? Que reste-t-il des gestes pionniers, de l\u2019ing\u00e9niosit\u00e9, de la curiosit\u00e9 et de la libert\u00e9 d\u2019exploration ?<\/p>\n<p>Cette s\u00e9rie propose une immersion dans ces mondes silencieux, en r\u00e9v\u00e9lant ce qui fut vu et ressenti alors. Elle invite \u00e0 l\u2019\u00e9merveillement autant qu\u2019\u00e0 la r\u00e9flexion sur la fragilit\u00e9 de nos milieux marins et sur la valeur de ce qui se perd sous la surface.<\/p><\/div><\/div><\/div><\/div><\/div><\/div><div id=\"\" class=\"module col-8 module-id-1771501535659 col-offset-3\" data-module-col=\"8\"><div class=\"module-inside text-inside\" style=\"--top-mod: 20px;--bottom-mod: 20px;--top-mod-t: 20px;--bottom-mod-t: 20px;--top-mod-m:10px;--bottom-mod-m:10px;\" ><div class=\"text_block_out\"  data-effect=\"standard\" style=\"\"><div class=\"text_block ux-mod-nobg\"><div class=\"text_block_inn\"><div id=\"text-1771501535659\" class=\"text_block_centered text_block_centered_enable_width\"  style=\"\"><p>Labelis\u00e9e \u00ab <i>La Mer en Commun <\/i>\u00bb dans le cadre de l\u2019Ann\u00e9e de la Mer 2025, la s\u00e9rie r\u00e9active ces images comme des fragments de m\u00e9moire remont\u00e9s \u00e0 la surface.<\/p>\n<p>&nbsp;<\/p>\n<p style=\"text-align: right;\"><i>Dans le silence des profondeurs, la lumi\u00e8re apporte sa clart\u00e9.<\/i><\/p><\/div><\/div><\/div><\/div><\/div><\/div><div id=\"\" class=\"module col-4 module-id-1771501535973\" data-module-col=\"4\"><div class=\"module-inside single-image-inside\" style=\"--cornerRadius:0px 0px 0px 0px ; --top-mod: 60px;--bottom-mod: 0px;--top-mod-t: 60px;--bottom-mod-t: 0px;--top-mod-m:0px;--bottom-mod-m:40px;\" ><div class=\"single-image-out  \"  ><figure class=\"single-image   single-image-full   \" no><div class=\"ux-hover-wrap anima-wrap\" style=\"padding-top: 66.666666666667%;\"><span class=\"ux-hover-wrap-a\"><img loading=\"lazy\" decoding=\"async\" alt=\"Lumi\u00e8re sous-marine. Ann\u00e9e 1950 \u00e0 1960.\" class=\"single-image-img img1st lazy \" src=\"data:image\/gif;base64,R0lGODlhAQABAIAAAAAAAP\/\/\/yH5BAEAAAAALAAAAAABAAEAAAIBRAA7\" data-src=\"http:\/\/sabdesigner.com\/livre\/wp-content\/uploads\/2026\/02\/BILLER-Profondeurs-choregraphie_sous_marine.jpg\" data-srcset=\"http:\/\/sabdesigner.com\/livre\/wp-content\/uploads\/2026\/02\/BILLER-Profondeurs-choregraphie_sous_marine.jpg 1200w, http:\/\/sabdesigner.com\/livre\/wp-content\/uploads\/2026\/02\/BILLER-Profondeurs-choregraphie_sous_marine-300x200.jpg 300w, http:\/\/sabdesigner.com\/livre\/wp-content\/uploads\/2026\/02\/BILLER-Profondeurs-choregraphie_sous_marine-1024x683.jpg 1024w, http:\/\/sabdesigner.com\/livre\/wp-content\/uploads\/2026\/02\/BILLER-Profondeurs-choregraphie_sous_marine-768x512.jpg 768w, http:\/\/sabdesigner.com\/livre\/wp-content\/uploads\/2026\/02\/BILLER-Profondeurs-choregraphie_sous_marine-350x233.jpg 350w, http:\/\/sabdesigner.com\/livre\/wp-content\/uploads\/2026\/02\/BILLER-Profondeurs-choregraphie_sous_marine-650x433.jpg 650w, http:\/\/sabdesigner.com\/livre\/wp-content\/uploads\/2026\/02\/BILLER-Profondeurs-choregraphie_sous_marine-1000x667.jpg 1000w\" data-sizes=\"(max-width: 480px) 320px,(max-width: 767px) 500px,(max-width: 1200px) 100vw, 1200px\" width=\"1200\" height=\"800\" \/><\/span><\/div><\/figure><\/div><\/div><\/div><div id=\"\" class=\"module col-4 module-id-1771501536128\" data-module-col=\"4\"><div class=\"module-inside single-image-inside\" style=\"--cornerRadius:0px 0px 0px 0px ; --top-mod: 60px;--bottom-mod: 0px;--top-mod-t: 60px;--bottom-mod-t: 0px;--top-mod-m:0px;--bottom-mod-m:40px;\" ><div class=\"single-image-out  \"  ><figure class=\"single-image   single-image-full   \" no><div class=\"ux-hover-wrap anima-wrap\" style=\"padding-top: 66.666666666667%;\"><span class=\"ux-hover-wrap-a\"><img loading=\"lazy\" decoding=\"async\" alt=\"Lumi\u00e8re sous-marine. Ann\u00e9e 1950 \u00e0 1960.\" class=\"single-image-img img1st lazy \" src=\"data:image\/gif;base64,R0lGODlhAQABAIAAAAAAAP\/\/\/yH5BAEAAAAALAAAAAABAAEAAAIBRAA7\" data-src=\"http:\/\/sabdesigner.com\/livre\/wp-content\/uploads\/2026\/02\/BILLER-Profondeurs-toucher_le_fragile.jpg\" data-srcset=\"http:\/\/sabdesigner.com\/livre\/wp-content\/uploads\/2026\/02\/BILLER-Profondeurs-toucher_le_fragile.jpg 1200w, http:\/\/sabdesigner.com\/livre\/wp-content\/uploads\/2026\/02\/BILLER-Profondeurs-toucher_le_fragile-300x200.jpg 300w, http:\/\/sabdesigner.com\/livre\/wp-content\/uploads\/2026\/02\/BILLER-Profondeurs-toucher_le_fragile-1024x683.jpg 1024w, http:\/\/sabdesigner.com\/livre\/wp-content\/uploads\/2026\/02\/BILLER-Profondeurs-toucher_le_fragile-768x512.jpg 768w, http:\/\/sabdesigner.com\/livre\/wp-content\/uploads\/2026\/02\/BILLER-Profondeurs-toucher_le_fragile-350x233.jpg 350w, http:\/\/sabdesigner.com\/livre\/wp-content\/uploads\/2026\/02\/BILLER-Profondeurs-toucher_le_fragile-650x433.jpg 650w, http:\/\/sabdesigner.com\/livre\/wp-content\/uploads\/2026\/02\/BILLER-Profondeurs-toucher_le_fragile-1000x667.jpg 1000w\" data-sizes=\"(max-width: 480px) 320px,(max-width: 767px) 500px,(max-width: 1200px) 100vw, 1200px\" width=\"1200\" height=\"800\" \/><\/span><\/div><\/figure><\/div><\/div><\/div><div id=\"\" class=\"module col-4 module-id-1771507743007gb4AB\" data-module-col=\"4\"><div class=\"module-inside single-image-inside\" style=\"--cornerRadius:0px 0px 0px 0px ; --top-mod: 60px;--bottom-mod: 0px;--top-mod-t: 60px;--bottom-mod-t: 0px;--top-mod-m:0px;--bottom-mod-m:40px;\" ><div class=\"single-image-out  \"  ><figure class=\"single-image   single-image-full   \" no><div class=\"ux-hover-wrap anima-wrap\" style=\"padding-top: 66.666666666667%;\"><span class=\"ux-hover-wrap-a\"><img loading=\"lazy\" decoding=\"async\" alt=\"Lumi\u00e8re sous-marine. Ann\u00e9e 1950 \u00e0 1960.\" class=\"single-image-img img1st lazy \" src=\"data:image\/gif;base64,R0lGODlhAQABAIAAAAAAAP\/\/\/yH5BAEAAAAALAAAAAABAAEAAAIBRAA7\" data-src=\"http:\/\/sabdesigner.com\/livre\/wp-content\/uploads\/2026\/02\/BILLER-Profondeurs-02.jpg\" data-srcset=\"http:\/\/sabdesigner.com\/livre\/wp-content\/uploads\/2026\/02\/BILLER-Profondeurs-02.jpg 1200w, http:\/\/sabdesigner.com\/livre\/wp-content\/uploads\/2026\/02\/BILLER-Profondeurs-02-300x200.jpg 300w, http:\/\/sabdesigner.com\/livre\/wp-content\/uploads\/2026\/02\/BILLER-Profondeurs-02-1024x683.jpg 1024w, http:\/\/sabdesigner.com\/livre\/wp-content\/uploads\/2026\/02\/BILLER-Profondeurs-02-768x512.jpg 768w, http:\/\/sabdesigner.com\/livre\/wp-content\/uploads\/2026\/02\/BILLER-Profondeurs-02-350x233.jpg 350w, http:\/\/sabdesigner.com\/livre\/wp-content\/uploads\/2026\/02\/BILLER-Profondeurs-02-650x433.jpg 650w, http:\/\/sabdesigner.com\/livre\/wp-content\/uploads\/2026\/02\/BILLER-Profondeurs-02-1000x667.jpg 1000w\" data-sizes=\"(max-width: 480px) 320px,(max-width: 767px) 500px,(max-width: 1200px) 100vw, 1200px\" width=\"1200\" height=\"800\" \/><\/span><\/div><\/figure><\/div><\/div><\/div><\/div><\/div><div id=\"\" class=\"module col-0 module-id-1771501536302 bm-wrap row-top row-left bm-wrap-height-auto\" data-module-col=\"0\" data-change-color=\"off\" data-backcolor=\"transparent\" data-frontcolor=\"\" data-logocolor=\"\" data-goto-top=\"off\" data-goto-top-spacing=\"0\" data-goto-disable-m=\"\" data-groupsameheight=\"off\"><div class=\"module-inside group-inside\" style=\"--top-mod: 0px;--bottom-mod: 80px;--top-mod-t: 0px;--bottom-mod-t: 80px;--top-mod-m:0px;--bottom-mod-m:0px;\" ><div id=\"\" class=\"module col-5 module-id-1771501535748 col-offset-1\" data-module-col=\"5\"><div class=\"module-inside text-inside\" style=\"--top-mod: 40px;--bottom-mod: 0px;--top-mod-t: 40px;--bottom-mod-t: 0px;--top-mod-m:0px;--bottom-mod-m:20px;\" ><div class=\"text_block_out\"  data-effect=\"standard\" style=\"\"><div class=\"text_block ux-mod-nobg\"><div class=\"text_block_inn\"><div id=\"text-1771501535748\" class=\"text_block_centered text_block_centered_enable_width\"  style=\"\"><h3><b>Les profondeurs<\/b><\/h3>\n<p>&nbsp;<\/p>\n<p>&nbsp;<\/p><\/div><\/div><\/div><\/div><\/div><\/div><div id=\"\" class=\"module col-8 module-id-1771501535861 col-offset-3\" data-module-col=\"8\"><div class=\"module-inside text-inside\" style=\"--top-mod: 20px;--bottom-mod: 20px;--top-mod-t: 20px;--bottom-mod-t: 20px;--top-mod-m:10px;--bottom-mod-m:10px;\" ><div class=\"text_block_out\"  data-effect=\"standard\" style=\"\"><div class=\"text_block ux-mod-nobg\"><div class=\"text_block_inn\"><div id=\"text-1771501535861\" class=\"text_block_centered text_block_centered_enable_width\"  style=\"\"><p style=\"font-weight: 400;\">\u00ab\u00a0<i>Les Profondeurs\u00a0\u00bb<\/i> se d\u00e9ploie dans la continuit\u00e9 de cette premi\u00e8re r\u00e9activation en trois temporalit\u00e9s, &nbsp;pionni\u00e8re, artisanale et contemporaine, o\u00f9 h\u00e9ritage, exp\u00e9rimentation et invention dialoguent.&nbsp;<\/p>\n<p style=\"font-weight: 400;\">La recherche se poursuit \u00e0 travers l\u2019\u00e9tude des n\u00e9gatifs, l\u2019exploration de proc\u00e9d\u00e9s anciens et des exp\u00e9rimentations lumineuses. Peu \u00e0 peu, l\u2019image quitte son statut de document pour devenir mati\u00e8re et pr\u00e9sence, r\u00e9v\u00e9lant ce qui affleure encore sous la surface.<\/p><\/div><\/div><\/div><\/div><\/div><\/div><\/div><\/div><div id=\"\" class=\"module col-0 module-id-1771501538383\" data-module-col=\"0\"><div class=\"module-inside divide-inside\" style=\"--top-mod: 0px;--bottom-mod: 0px;--top-mod-t: 0px;--bottom-mod-t: 0px;--top-mod-m:0px;--bottom-mod-m:0px;\" ><div class=\"sea-divide divide-line ux-mod-nobg\" ><\/div><\/div><\/div><div id=\"\" class=\"module col-5 module-id-1771508624899pXzSx col-offset-1\" data-module-col=\"5\"><div class=\"module-inside text-inside\" style=\"--top-mod: 40px;--bottom-mod: 0px;--top-mod-t: 40px;--bottom-mod-t: 0px;--top-mod-m:0px;--bottom-mod-m:10px;\" ><div class=\"text_block_out\"  data-effect=\"standard\" style=\"\"><div class=\"text_block ux-mod-nobg\"><div class=\"text_block_inn\"><div id=\"text-1771508624899pXzSx\" class=\"text_block_centered text_block_centered_enable_width\"  style=\"\"><h3><b>Podcast<\/b><\/h3>\n<p>Radio MdM<\/p><\/div><\/div><\/div><\/div><\/div><\/div><div id=\"plus\" class=\"module col-10 module-id-1771508563374 module-animation\" data-module-col=\"10\"><div class=\"module-inside button-inside\" style=\"--top-mod: 0px;--bottom-mod: 0px;--top-mod-t: 0px;--bottom-mod-t: 0px;--top-mod-m:0px;--bottom-mod-m:0px;\" ><div class=\"btn-mod-wrap btn-1771508563374 btn-right btn-center-m ux-horizontal ux-btn-wrap-regular\" style=\"\"><a class=\"ux-btn ux-btn-a-0 ux-cb-btn-1771508563374_0 fadeInM \" style=\"--fontsizeBtn: 16px;--fontsizeBtnT: 16px;--fontsizeBtnM: 14px;--lineHeightBtn: 1.5;--letterSpacingBtn: normal;\" href=\"https:\/\/www.radio-mdm.fr\/podcast\/une-valise-entrouverte-des-tresors-photographiques-sous-marins-exposition-a-la-galerie-j-a-doazit\/\" target=\"_self\" rel=\" \" data-animation=\"fadein\"><span class=\"ux-btn-text-wrap\"><span class=\"ux-btn-text\">En savoir +<\/span><\/span><\/a><\/div><\/div><\/div><div id=\"\" class=\"module col-0 module-id-177150153989 bm-wrap row-top row-left bm-wrap-height-auto\" data-module-col=\"0\" data-change-color=\"off\" data-backcolor=\"transparent\" data-frontcolor=\"\" data-logocolor=\"\" data-goto-top=\"off\" data-goto-top-spacing=\"0\" data-goto-disable-m=\"off\" data-groupsameheight=\"off\"><div class=\"module-inside group-inside\" style=\"--cornerRadius:0px 0px 0px 0px ; --top-mod: 100px;--bottom-mod: 60px;--top-mod-t: 100px;--bottom-mod-t: 60px;--top-mod-m:50px;--bottom-mod-m:40px;\" ><div id=\"\" class=\"module col-11 module-id-1771501539269\" data-module-col=\"11\"><div class=\"module-inside button-inside\" style=\"--top-mod: 0px;--bottom-mod: 0px;--top-mod-t: 0px;--bottom-mod-t: 0px;--top-mod-m:0px;--bottom-mod-m:0px;\" ><div class=\"btn-mod-wrap btn-1771501539269 btn-right btn-left-m ux-vertical ux-btn-wrap-regular\" style=\"\"><a class=\"ux-btn ux-btn-a-0 ux-cb-btn-1771501539269_0 fadeInM \" style=\"--fontsizeBtn: 18px;--fontsizeBtnT: 16px;--fontsizeBtnM: 18px;--lineHeightBtn: 1.3;--letterSpacingBtn: normal;\" href=\"https:\/\/www.facebook.com\/BillerSabrina\" target=\"_blank\" rel=\" noopener noreferrer \" ><span class=\"ux-btn-text-wrap\"><span class=\"ux-btn-text\">Facebook<\/span><\/span><\/a><a class=\"ux-btn ux-btn-a-1 ux-cb-btn-1771501539269_1 fadeInM \" style=\"--fontsizeBtn: 18px;--fontsizeBtnT: 16px;--fontsizeBtnM: 18px;--lineHeightBtn: 1.3;--letterSpacingBtn: normal;\" href=\"https:\/\/www.instagram.com\/sabrina_ambre_biller\" target=\"_blank\" rel=\" noopener noreferrer \" ><span class=\"ux-btn-text-wrap\"><span class=\"ux-btn-text\">Instagram<\/span><\/span><\/a><a class=\"ux-btn ux-btn-a-2 ux-cb-btn-1771501539269_2 fadeInM \" style=\"--fontsizeBtn: 18px;--fontsizeBtnT: 16px;--fontsizeBtnM: 18px;--lineHeightBtn: 1.3;--letterSpacingBtn: normal;\" href=\"https:\/\/www.linkedin.com\/in\/sabrina-ambre-biller\/\" target=\"_blank\" rel=\" noopener noreferrer \" ><span class=\"ux-btn-text-wrap\"><span class=\"ux-btn-text\">LinkedIn<\/span><\/span><\/a><\/div><\/div><\/div><\/div><\/div><div id=\"\" class=\"module col-12 module-id-1771508561893 bm-wrap row-top row-left col-offset-2\" data-module-col=\"12\" data-change-color=\"off\" data-backcolor=\"transparent\" data-frontcolor=\"\" data-logocolor=\"\" data-goto-top=\"off\" data-goto-top-spacing=\"0\" data-goto-disable-m=\"\" data-groupsameheight=\"\"><div class=\"module-inside group-inside\" style=\"--top-mod: 60px;--bottom-mod: 0px;--top-mod-t: 60px;--bottom-mod-t: 0px;--top-mod-m:20px;--bottom-mod-m:0px;\" ><\/div><\/div><\/div>","protected":false},"excerpt":{"rendered":"<p>Une exposition en novembre 2025 a constitu\u00e9 la premi\u00e8re r\u00e9activation des archives en vue d\u2019une r\u00e9interpr\u00e9tation contemporaine.<\/p>\n","protected":false},"author":1,"featured_media":4684,"parent":0,"menu_order":0,"comment_status":"closed","ping_status":"closed","template":"","meta":{"_seopress_robots_primary_cat":"","_seopress_titles_title":"Les profondeurs | Sabrina Ambre Biller \u2794 travaux en cours","_seopress_titles_desc":"Une exposition en novembre 2025 a constitu\u00e9 la premi\u00e8re r\u00e9activation des archives en vue d\u2019une r\u00e9interpr\u00e9tation contemporaine.","_seopress_robots_index":"","footnotes":""},"class_list":["post-4645","page","type-page","status-publish","has-post-thumbnail","hentry"],"_links":{"self":[{"href":"http:\/\/sabdesigner.com\/livre\/wp-json\/wp\/v2\/pages\/4645","targetHints":{"allow":["GET"]}}],"collection":[{"href":"http:\/\/sabdesigner.com\/livre\/wp-json\/wp\/v2\/pages"}],"about":[{"href":"http:\/\/sabdesigner.com\/livre\/wp-json\/wp\/v2\/types\/page"}],"author":[{"embeddable":true,"href":"http:\/\/sabdesigner.com\/livre\/wp-json\/wp\/v2\/users\/1"}],"replies":[{"embeddable":true,"href":"http:\/\/sabdesigner.com\/livre\/wp-json\/wp\/v2\/comments?post=4645"}],"version-history":[{"count":5,"href":"http:\/\/sabdesigner.com\/livre\/wp-json\/wp\/v2\/pages\/4645\/revisions"}],"predecessor-version":[{"id":4694,"href":"http:\/\/sabdesigner.com\/livre\/wp-json\/wp\/v2\/pages\/4645\/revisions\/4694"}],"wp:featuredmedia":[{"embeddable":true,"href":"http:\/\/sabdesigner.com\/livre\/wp-json\/wp\/v2\/media\/4684"}],"wp:attachment":[{"href":"http:\/\/sabdesigner.com\/livre\/wp-json\/wp\/v2\/media?parent=4645"}],"curies":[{"name":"wp","href":"https:\/\/api.w.org\/{rel}","templated":true}]}}